{"id":891,"date":"2015-09-08T11:11:32","date_gmt":"2015-09-08T09:11:32","guid":{"rendered":"http:\/\/www.michaelluethy.de\/scripts\/?page_id=891"},"modified":"2025-11-13T19:11:49","modified_gmt":"2025-11-13T18:11:49","slug":"vortraege","status":"publish","type":"page","link":"https:\/\/michaelluethy.de\/scripts\/vortraege\/","title":{"rendered":""},"content":{"rendered":"<h2>Vortr\u00e4ge<\/h2>\n<p>kommend:<\/p>\n<p>100. <em>Kunstwissenschaft an einer Kunstakademie, oder: Reflexion auf die Frage: Was hei\u00dft &#8222;Kunst machen&#8220;?<\/em>, Akademie der Bildenden K\u00fcnste Stuttgart, 12.1.2026.<\/p>\n<p>gehalten:<\/p>\n<p>99. <em>Die Institution der autonomen Kunst und die Institution der documenta: ein Beziehungsgeflecht<\/em>, documenta archiv, Kassel, 25.9.2025.<\/p>\n<p>98. <em>Sehen\/Denken\/Wissen\/Verstehen: Prozesse der Selbst- und Weltbildung im <\/em><em>Umgang mit Kunst<\/em>, Ringvorlesung &#8222;Kunstp\u00e4dagogische Positionen&#8220;, Universit\u00e4t K\u00f6ln, 21.5.2025.\u00a0 \u2013 Aufzeichnung: https:\/\/kunst.uni-koeln.de\/monthly\/sehen-denken-wissen-verstehen-prozesse-der-selbst-und-weltbildung-im-umgang-mit-kunst\/<\/p>\n<p>97. <em>Twombly\u2019s Ambiguity,<\/em> Cologne Colloquium: Cy Twombly: &#8222;White Zones&#8220;, Universit\u00e4t K\u00f6ln, 24.-26.10.2024.<\/p>\n<p>96. <em>Die Idee der Kunstautonomie und ihre gegenw\u00e4rtigen Infragestellungen<\/em>, Zentralinstitut f\u00fcr Kunstgeschichte, M\u00fcnchen, Festvortrag Willibald-Sauerl\u00e4nder-Preis 2024, 26.6.2024. \u2013 Aufzeichnung: https:\/\/www.youtube.com\/watch?v=9DP5OzLfeo0<\/p>\n<p>95. <em>Eine Dimension mehr in unserem Leben \u2013 Marcel Duchamps Kunstauffassung<\/em>, Kunsthaus Zug, anl\u00e4sslich der Ausstellung Friedrich Kiesler: Us, You, Me, 23.5.2024.<\/p>\n<p>94. <em>Eine Verteidigung der Kunstautonomie aus kunstsoziologischer Perspektive<\/em>, Galerie Parterre Berlin\/Kunstsammlung Pankow, 17.9.2023.<\/p>\n<p>93. <em>Fragment-Bodies: Rodin\u2019s and Rilke\u2019s Torsos<\/em>, 17th Trends in Classics International Conference, Aristoteles-Universit\u00e4t Thessaloniki, 1.-3.6.2023, 2.6.2023.<\/p>\n<p>92. <em>Unm\u00f6gliche Synthesen: Rodins und C\u00e9zannes Experimente<\/em>, Museum Folkwang, Essen, anl\u00e4sslich der Jubil\u00e4umsausstellung des Museums zur Hundertjahrfeier am Essener Standort, 12.5.2022.<\/p>\n<p>91. <em>&#8222;Wir sehen es, wie wir es denken, und denken es, wie wir es sehen&#8220;. Hannah Kohlers Fotografien<\/em>, Kunststiftung Baden-W\u00fcrttemberg, anl\u00e4sslich der Ausstellung Hannah J. Kohler, &#8222;freiMACHEN&#8220;, 27.4.2022.<\/p>\n<p>90. <em>Medium\/Form: Die systemtheoretische Perspektive Niklas Luhmanns<\/em>, XXXVI. Deutscher Kunsthistorikertag, &#8222;FORM FRAGEN&#8220;, Universit\u00e4t Stuttgart, 23.\u201327.3.2022, Vortrag und Workshop, 26.3.2022.<\/p>\n<p>89. <em>Manet, Vel\u00e1zquez und das Traditionsproblem in der modernen Kunst<\/em>, Kunsthalle Bremen, anl\u00e4sslich der Ausstellung &#8222;Manet und Astruc. K\u00fcnstlerfreunde&#8220;, 30.11.2021.<\/p>\n<p>88. <em>Zwei Aspekte der Formdynamisierung in der Kunst der Moderne<\/em>, Universit\u00e4t Stuttgart, Ringvorlesung &#8222;Form Fragen&#8220;, 25.11.2021.<\/p>\n<p>87.<em> Eine Hommage als Vatermord: Roy Lichtensteins Picassos<\/em>, Universit\u00e4t Stuttgart, 27.10.2021<\/p>\n<p>86. <em>Kunst ausstellen (Vortrag 2 von 2)<\/em>, Art Lectures, Fundaziun Nairs, 31.8.2021:<\/p>\n<p><iframe loading=\"lazy\" title=\"YouTube video player\" src=\"https:\/\/www.youtube.com\/embed\/5s029ce4IM4?si=VMDFsRTZFrgLHUbz\" width=\"560\" height=\"315\" frameborder=\"0\" allowfullscreen=\"allowfullscreen\"><\/iframe><\/p>\n<p>85. <em>Kunst machen (Vortrag 1 von 2)<\/em>, Art Lectures, Fundaziun Nairs, 27.8.2021:<\/p>\n<p><iframe loading=\"lazy\" title=\"YouTube video player\" src=\"https:\/\/www.youtube.com\/embed\/qgYBkOMA9m8?si=U8SbqUDtxaywwKnf\" width=\"560\" height=\"315\" frameborder=\"0\" allowfullscreen=\"allowfullscreen\"><\/iframe><\/p>\n<p>84. <em>Was hei\u00dft: ein Kunstwerk sehen? Antworten im Anschluss an Wittgensteins Aspekt-Theorie<\/em>, Universit\u00e4t Hamburg, Ringvorlesung &#8222;Modi des Sehens und Bildens&#8220;, 27.5.2021.<\/p>\n<p>83. <em>Marcel Duchamp. Von der Wirkung zum Werk<\/em>, Livestream-Vortrag VHS B\u00f6blingen-Sindelfingen und deutschlandweit angeschlossene VHS, 25.5.2021.<\/p>\n<p>82. <em>Kunst und Ambiguit\u00e4t<\/em>, Johannes Gutenberg-Universit\u00e4t Mainz, Institut f\u00fcr Kunstgeschichte und Musikwissenschaft, Semesterer\u00f6ffnungsvortrag, 11.11.2020.<\/p>\n<p>81. <em>Sich zeigen, sich verschlie\u00dfen \u2013 Antinomien der Sichtbarkeit in Manets Malerei<\/em>, Zeppelin Universit\u00e4t Friedrichshafen, Ringvorlesung \u201e\u00d6konomien der Sichtbarkeit\u201c, 10.3.2020.<\/p>\n<p>80. <em>Marcel Duchamps &#8218;Etant donn\u00e9s&#8216;-Diorama zwei-, drei- und vierdimensional<\/em>, Internationale Tagung &#8222;Das Diorama. Denken\/Durch&#8220;, DFG-Forschungsgruppe &#8222;Medien und Mimesis&#8220;, Bauhaus-Universit\u00e4t Weimar, 5.-7.12.2019, 6.12.2019.<\/p>\n<p>79. <em>K\u00f6rperbilder. Nauman versus Rodin<\/em>, Saarbr\u00fccken, Saarlandmuseum \u2013 Moderne Galerie, anl\u00e4sslich der Ausstellung &#8222;Rodin\/Nauman&#8220;, 27.11.2019.<\/p>\n<p>78. <em>Wittgenstein&#8217;s Aesthetics<\/em>, Ca&#8216; Foscari-Universit\u00e4t Venedig, Palazzo Ca&#8216; Dolfin, 27.9.2019.<\/p>\n<p>77. <em>Sehen-als. Die Wahrheit der Kunst<\/em>, Katholische Akademie der Erzdi\u00f6zese Freiburg, 24.9.2019.<em><br \/>\n<\/em><\/p>\n<p>76. <em>Wortelkamps Skulptur<\/em>, Er\u00f6ffnungsvortrag im Rahmen der Ausstellung &#8222;Erwin Wortelkamp. 80 Years. A full life for art&#8220;, Duisburg, Museum DKM, 19.9.2019.<\/p>\n<p>75. <em>Marcel Duchamps Interventionen im Philadelphia Museum of Art<\/em>, Konferenz &#8222;Joint Ventures. Der k\u00fcnstlerische Zugriff auf Kunstsammlungen und Ausstellungsgeschichte&#8220;, Universit\u00e4t Z\u00fcrich, 3.-5.9.2019, 4.9.2019.<\/p>\n<p>74. <em>Lichtensteins Picassos, <\/em>Antrittsvorlesung\/Jubil\u00e4umsvortrag, Bauhaus-Universit\u00e4t Weimar, 27.6.2019.<\/p>\n<p>73. <em>The Modern Perspective: Ambiguity, Artistic Self-Reflection and the Autonomy of Art<\/em>, Konferenz &#8222;Intended Ambiguity&#8220;, 13th Trends in Classics International Conference, Aristoteles-Universit\u00e4t Thessaloniki, 23.-26.5.2019, 23.5.2019.<\/p>\n<p>72. <em>Portr\u00e4ts wovon? Wandel und Aktualit\u00e4t einer Bildpraxis<\/em>, Konferenz &#8222;Revisionen des Portr\u00e4ts: Jenseits der Repr\u00e4sentation\u201c, Internationales Kolleg Morphomata der Universit\u00e4t zu K\u00f6ln, 13.-15.6.2018, Er\u00f6ffnungsvortrag 13.6.2018.<br \/>\n<img loading=\"lazy\" decoding=\"async\" src=\"http:\/\/www.michaelluethy.de\/img\/pixel.gif\" alt=\"\" width=\"10\" height=\"15\" \/><br \/>\n71. <em>Begrenzung der Entgrenzung. Eine R\u00fcckbesinnung auf k\u00fcnstlerische Eigenlogiken<\/em>, Konferenz &#8222;Die Pluralitaet der Kunst und die Einheit der K\u00fcnste&#8220;, Institut f\u00fcr Philosophie der FU Berlin, 12.-14.04.2018, 13.4.2018.<br \/>\n<img loading=\"lazy\" decoding=\"async\" src=\"http:\/\/www.michaelluethy.de\/img\/pixel.gif\" alt=\"\" width=\"10\" height=\"15\" \/><br \/>\n70. <em>Begrenzung der Entgrenzung. Zur Notwendigkeit einer R\u00fcckbesinnung auf die Eigenlogik der K\u00fcnste<\/em>, X. Kongress der Deutschen Gesellschaft f\u00fcr \u00c4sthetik, Hochschule f\u00fcr Gestaltung Offenbach, 14.-17.2.2018, 19.2.2018.<br \/>\n<img loading=\"lazy\" decoding=\"async\" src=\"http:\/\/www.michaelluethy.de\/img\/pixel.gif\" alt=\"\" width=\"10\" height=\"15\" \/><br \/>\n69. <em>Mobilien statt Immobilien. Identit\u00e4t &amp; Erbe aus Sicht einer Kunstwissenschaft beweglicher Artefakte<\/em>, Bauhaus-Universit\u00e4t Weimar, Ringvorlesung des Graduierten\u00adkollegs 2227 &#8222;Identit\u00e4t und Erbe&#8220;, 20.6.2017.<br \/>\n<img loading=\"lazy\" decoding=\"async\" src=\"http:\/\/www.michaelluethy.de\/img\/pixel.gif\" alt=\"\" width=\"10\" height=\"15\" \/><br \/>\n68. <em>Besichtigung zweier Epochen<\/em>, Vortrag zur Er\u00f6ffnung der Ausstellung <em>Calder to Kelly. Die amerikanische Sammlung<\/em> und zur Verabschiedung von Dieter Schwarz als Direktor, Kunstmuseum Winterthur, 20.5.2017.<br \/>\n<img loading=\"lazy\" decoding=\"async\" src=\"http:\/\/www.michaelluethy.de\/img\/pixel.gif\" alt=\"\" width=\"10\" height=\"15\" \/><br \/>\n67. <em>Kunst und Bild im erweiterten Feld<\/em>, Bauhaus-Universit\u00e4t Weimar, Wissenschaftstag 2016, 2.11.2016.<br \/>\n<img loading=\"lazy\" decoding=\"async\" src=\"http:\/\/www.michaelluethy.de\/img\/pixel.gif\" alt=\"\" width=\"10\" height=\"15\" \/><br \/>\n66. <em>Edouard Manets Modernismus<\/em>, Livestream-Vortrag VHS B\u00f6blingen-Sindelfingen und deutschlandweit angeschlossene VHS, 4.10.2016.<br \/>\n<img loading=\"lazy\" decoding=\"async\" src=\"http:\/\/www.michaelluethy.de\/img\/pixel.gif\" alt=\"\" width=\"10\" height=\"15\" \/><br \/>\n65. <em>Die Unsichtbarkeit der Form<\/em>, Universit\u00e4t Basel\/NFS Bildkritik &#8211; eikones, 28.9.2016.<br \/>\n<img loading=\"lazy\" decoding=\"async\" src=\"http:\/\/www.michaelluethy.de\/img\/pixel.gif\" alt=\"\" width=\"10\" height=\"15\" \/><br \/>\n64. <em>Erfahrung und Interpretation. Wittgensteins Aspektbegriff<\/em>, Universit\u00e4t f\u00fcr angewandte Kunst Wien, Vortragsreihe &#8222;\u00c4isthesis \u2013 Zur sinnlichen Wahrnehmung&#8220;, 19.5.2016.<br \/>\n<img loading=\"lazy\" decoding=\"async\" src=\"http:\/\/www.michaelluethy.de\/img\/pixel.gif\" alt=\"\" width=\"10\" height=\"15\" \/><br \/>\n63.<em> Serialit\u00e4t als Selbstreflexion<\/em>, Symposium &#8222;Wiederholungst\u00e4ter: Die Selbstwiederholung als k\u00fcnstlerische Praxis der Moderne&#8220;, Staatsgalerie Stuttgart, 21.-23.4.2016, 22.4.2016.<br \/>\n<img loading=\"lazy\" decoding=\"async\" src=\"http:\/\/www.michaelluethy.de\/img\/pixel.gif\" alt=\"\" width=\"10\" height=\"15\" \/><br \/>\n62. <em>Andy Warhol und die Kunst der 1960er Jahre<\/em>, Livestream-Vortrag VHS B\u00f6blingen-Sindelfingen und deutschlandweit angeschlossene VHS, 26.2.2016.<br \/>\n<img loading=\"lazy\" decoding=\"async\" src=\"http:\/\/www.michaelluethy.de\/img\/pixel.gif\" alt=\"\" width=\"10\" height=\"15\" \/><br \/>\n61. <em>Goltzsche ph\u00e4nomenologisch<\/em>, St\u00e4dtische Galerie Dresden, anl\u00e4sslich der Ausstellungser\u00f6ffnung &#8222;Dieter Goltzsche. Blauer Pfirsich&#8220;, 19.2.2016.<br \/>\n<img loading=\"lazy\" decoding=\"async\" src=\"http:\/\/www.michaelluethy.de\/img\/pixel.gif\" alt=\"\" width=\"10\" height=\"15\" \/><br \/>\n60. <em>Das Verm\u00f6gen der Kunst<\/em>, Kunsthalle Erfurt\/Schloss Molsdorf, im Rahmen der Ausstellung &#8222;Full House&#8220;, 26.7.2015.<br \/>\n<img loading=\"lazy\" decoding=\"async\" src=\"http:\/\/www.michaelluethy.de\/img\/pixel.gif\" alt=\"\" width=\"10\" height=\"15\" \/><br \/>\n59. <em>Die kuratorischen Konzepte der documenta 12 und 13<\/em>, Symposium &#8222;documenta 1997\u20132017: erweiterte Denkkollektive\/expanding thought-collectives&#8220;, Kassel, Documentahalle, 17.-18.7.2015, 18.7.2015.<br \/>\n<img loading=\"lazy\" decoding=\"async\" src=\"http:\/\/www.michaelluethy.de\/img\/pixel.gif\" alt=\"\" width=\"10\" height=\"15\" \/><br \/>\n58. <em>Struktur, Narration und Medialit\u00e4t in Andy Warhols The Chelsea Girls<\/em>, Universit\u00e4t Regensburg, Vortragsreihe &#8222;Zoom \u2013 Dispositiv Film&#8220;, 27.5.2015.<br \/>\n<img loading=\"lazy\" decoding=\"async\" src=\"http:\/\/www.michaelluethy.de\/img\/pixel.gif\" alt=\"\" width=\"10\" height=\"15\" \/><br \/>\n57. <em>Tod im Bild und Tod des Bildes: Andy Warhols &#8218;Disasters&#8216;<\/em>, Kunstsammlungen Chemnitz, Vortragsreihe zur Ausstellung &#8222;Andy Warhol. Death and Disaster&#8220;, 27.11.2014.<br \/>\n<img loading=\"lazy\" decoding=\"async\" src=\"http:\/\/www.michaelluethy.de\/img\/pixel.gif\" alt=\"\" width=\"10\" height=\"15\" \/><br \/>\n56. <em>Grundbegriff oder Begriffsnetz? Zur Diversit\u00e4t k\u00fcnstlerischen Wiederholens und seiner Effekte<\/em>, Konferenz &#8222;Wiederholung. Revision eines \u00e4sthetischen Grundbegriffs&#8220;, Kunstakademie M\u00fcnster, 3.-5.7.2014, 4.7.2014.<br \/>\n<img loading=\"lazy\" decoding=\"async\" src=\"http:\/\/www.michaelluethy.de\/img\/pixel.gif\" alt=\"\" width=\"10\" height=\"15\" \/><br \/>\n55. <em>Zur Narration von &#8218;The Chelsea Girls&#8216;<\/em>, Deutsches Filminstitut Frankfurt\/Filmmuseum Frankfurt, Film- und Lecture-Reihe &#8222;Easier than painting. Die Filme von Andy Warhol&#8220;, 2013\/2014, 5.6. 2014:<\/p>\n<p><iframe loading=\"lazy\" title=\"Zur Narration von Warhols THE CHELSEA GIRLS, Lecture von Michael L\u00fcthy\" width=\"525\" height=\"295\" src=\"https:\/\/www.youtube.com\/embed\/wxQt2Wr03Jg?list=PL15v7_ZKZsQyo-U2grmSlheMirD3C93JZ\" frameborder=\"0\" allow=\"accelerometer; autoplay; clipboard-write; encrypted-media; gyroscope; picture-in-picture; web-share\" referrerpolicy=\"strict-origin-when-cross-origin\" allowfullscreen><\/iframe><\/p>\n<p>54. <em>\u00c4sthetik und\/oder Wissenschaft. Zur Logik von &#8218;Artistic Research&#8216;<\/em>, Bauhaus-Universit\u00e4t Weimar, 7.5.2014.<br \/>\n<img loading=\"lazy\" decoding=\"async\" src=\"http:\/\/www.michaelluethy.de\/img\/pixel.gif\" alt=\"\" width=\"10\" height=\"15\" \/><br \/>\n53. <em>,Flecken\u2018. Zur Poetik von C\u00e9zannes sp\u00e4ten Gem\u00e4lden<\/em>, Tagung &#8222;Man wei\u00df eben nichts genaues. \u00dcber Ungewissheit bei Hubert Fichte&#8220;, Literaturwerkstatt Berlin, 29.-30.11.2013, 29.11.2013.<br \/>\n<img loading=\"lazy\" decoding=\"async\" src=\"http:\/\/www.michaelluethy.de\/img\/pixel.gif\" alt=\"\" width=\"10\" height=\"15\" \/><br \/>\n52. <em>Perspektiv-Inversion: Marcel Duchamps \u00c9tant donn\u00e9s<\/em>, Tagung &#8222;Fiktion und Perspektivit\u00e4t&#8220;, Gr\u00fcner Salon der Volksb\u00fchne Berlin, 25.-26.10.2013, 25.10.2013.<br \/>\n<img loading=\"lazy\" decoding=\"async\" src=\"http:\/\/www.michaelluethy.de\/img\/pixel.gif\" alt=\"\" width=\"10\" height=\"15\" \/><br \/>\n51. <em>Das Unverf\u00fcgbare im k\u00fcnstlerischen Bild<\/em>, Konferenz &#8222;Der Wert der Kunst&#8220;, Roter Salon der Volksb\u00fchne Berlin, 26.-28.9.2013, 28.9.2013.<br \/>\n<img loading=\"lazy\" decoding=\"async\" src=\"http:\/\/www.michaelluethy.de\/img\/pixel.gif\" alt=\"\" width=\"10\" height=\"15\" \/><br \/>\n50. <em>Duchamp in Philadelphia. Der K\u00fcnstler als Kurator seines eigenen Nachlebens<\/em>, Zweiter Schweizerischer Kongress f\u00fcr Kunstgeschichte, Universit\u00e4t Lausanne, 22.-24.8.2013, Sektion 3: &#8222;Mus\u00e9es d&#8217;artiste &#8211; l&#8217;artiste curateur&#8220;, 22.8.2013.<br \/>\n<img loading=\"lazy\" decoding=\"async\" src=\"http:\/\/www.michaelluethy.de\/img\/pixel.gif\" alt=\"\" width=\"10\" height=\"15\" \/><br \/>\n49. <em>The Room at the End of History. Marcel Duchamp in the Philadelphia Museum of Art<\/em><br \/>\nUniversit\u00e4t Bern, Konferenz &#8222;Strategies of the Interior: Anachronisms, Discontinuities, Narratives&#8220;, 16.-17.5.2013, 17.5.2013.<br \/>\n<img loading=\"lazy\" decoding=\"async\" src=\"http:\/\/www.michaelluethy.de\/img\/pixel.gif\" alt=\"\" width=\"10\" height=\"15\" \/><br \/>\n48. <em>Portr\u00e4ts wovon? Zum Wandel einer Kunstgattung in der Moderne<\/em><br \/>\nZentrum f\u00fcr Literatur- und Kulturfoschung Berlin, Abendvortrag zum interdisziplin\u00e4ren Workshop &#8222;Gesichtsaufl\u00f6sungen&#8220;, 31.1.2013.<br \/>\n<img loading=\"lazy\" decoding=\"async\" src=\"http:\/\/www.michaelluethy.de\/img\/pixel.gif\" alt=\"\" width=\"10\" height=\"15\" \/><br \/>\n47. <em>Zur Aktualit\u00e4t \u00e4sthetischer Lebendigkeit<\/em><br \/>\n33. Internationaler Kunsthistoriker-Kongress, N\u00fcrnberg, Sektion 17: &#8222;Objecthood. Modernist and Contemporary Perspectives&#8220;, 20.7.2012.<br \/>\n<img loading=\"lazy\" decoding=\"async\" src=\"http:\/\/www.michaelluethy.de\/img\/pixel.gif\" alt=\"\" width=\"10\" height=\"15\" \/><br \/>\n46. <em>Paradigmatische Praxis zwischen Wissenschaft und Kunst: Tom\u00e1s Saraceno und Robert Smithson<\/em><br \/>\nStaatliche Akademie der Bildenden K\u00fcnste Stuttgart, 18.6.2012.<br \/>\n<img loading=\"lazy\" decoding=\"async\" src=\"http:\/\/www.michaelluethy.de\/img\/pixel.gif\" alt=\"\" width=\"10\" height=\"15\" \/><br \/>\n45. <em>Paradigmatische Praxis zwischen Wissenschaft und Kunst: Tom\u00e1s Saraceno und Robert Smithson<\/em><br \/>\nFU Berlin, Ringvorlesung &#8222;Turn On. Turn Off. \u00dcber den Wandel von Paradigmen in den K\u00fcnsten und Wissenschaften&#8220; des Internationalen Graduiertenkollegs &#8222;InterArt&#8220;, 14.6.2012.<br \/>\n<img loading=\"lazy\" decoding=\"async\" src=\"http:\/\/www.michaelluethy.de\/img\/pixel.gif\" alt=\"\" width=\"10\" height=\"15\" \/><br \/>\n44. <em>Lichtensteins Picassos. Kunstparaphrase und Bildreflexion<\/em><br \/>\nSchweizerisches Institut f\u00fcr Kunstwissenschaft (SIK) Z\u00fcrich, 25.10. 2011.<br \/>\n<img loading=\"lazy\" decoding=\"async\" src=\"http:\/\/www.michaelluethy.de\/img\/pixel.gif\" alt=\"\" width=\"10\" height=\"15\" \/><br \/>\n43. <em>Das Medium der \u00e4sthetischen Erfahrung<\/em><br \/>\nJahrestagung des Sonderforschungsbereichs 626 &#8222;\u00c4sthetische Erfahrung im Zeichen der Entgrenzung der K\u00fcnste&#8220;: &#8222;Imagin\u00e4re Medialit\u00e4t \u2013 Immaterielle Medien&#8220;, ICI Kulturlabor Berlin, 5.-6.11.2010, 5.11.2010.<br \/>\n<img loading=\"lazy\" decoding=\"async\" src=\"http:\/\/www.michaelluethy.de\/img\/pixel.gif\" alt=\"\" width=\"10\" height=\"15\" \/><br \/>\n42. <em>Bild und Aspekt<\/em><br \/>\nErster Schweizerischer Kongress f\u00fcr Kunstgeschichte, Universit\u00e4t Bern, 2.-4.9.2010, Sektion 12: &#8222;Bilddiskurse&#8220;, 4.9.2010.<br \/>\n<img loading=\"lazy\" decoding=\"async\" src=\"http:\/\/www.michaelluethy.de\/img\/pixel.gif\" alt=\"\" width=\"10\" height=\"15\" \/><br \/>\n41. <em>\u2018Etant donn\u00e9s\u2019 as a Form of Experience<\/em><br \/>\nSymposium &#8222;Marcel Duchamp and the Forestay Waterfall&#8220;, Cully, 7.-9.5.2010, 8.5.2010.<br \/>\n<img loading=\"lazy\" decoding=\"async\" src=\"http:\/\/www.michaelluethy.de\/img\/pixel.gif\" alt=\"\" width=\"10\" height=\"15\" \/><br \/>\n40. <em>\u00c4sthetische Lebendigkeit in Skulptur und Malerei<\/em><br \/>\nKunsthistorisches Institut der FU Berlin, 28.4.2010.<br \/>\n<img loading=\"lazy\" decoding=\"async\" src=\"http:\/\/www.michaelluethy.de\/img\/pixel.gif\" alt=\"\" width=\"10\" height=\"15\" \/><br \/>\n39. <em>\u00dcber einen m\u00f6glichen Treffpunkt von Kunstgeschichte und Bildwissenschaft<\/em><br \/>\nKunsthistorisches Seminar der Universit\u00e4t Basel, 15.4.2010.<br \/>\n<img loading=\"lazy\" decoding=\"async\" src=\"http:\/\/www.michaelluethy.de\/img\/pixel.gif\" alt=\"\" width=\"10\" height=\"15\" \/><br \/>\n38. <em>Andy Warhol: Jackie (The Week That Was), 1963<\/em><br \/>\nKunsthistorisches Institut der Freien Universit\u00e4t Berlin, 12.4.2010.<br \/>\n<img loading=\"lazy\" decoding=\"async\" src=\"http:\/\/www.michaelluethy.de\/img\/pixel.gif\" alt=\"\" width=\"10\" height=\"15\" \/><br \/>\n37. <em>Andy Warhol: Jackie (The Week That Was), 1963<\/em><br \/>\nKunsthistorisches Seminar der Universit\u00e4t Hamburg, 25.1.2010.<br \/>\n<img loading=\"lazy\" decoding=\"async\" src=\"http:\/\/www.michaelluethy.de\/img\/pixel.gif\" alt=\"\" width=\"10\" height=\"15\" \/><br \/>\n36. <em>Vom K\u00f6rper zum Bild und zur\u00fcck. Edgar Degas\u2019 k\u00fcnstlerisches Verfahren<\/em><br \/>\nKunsthalle Hamburg, 26.3.2009.<br \/>\n<img loading=\"lazy\" decoding=\"async\" src=\"http:\/\/www.michaelluethy.de\/img\/pixel.gif\" alt=\"\" width=\"10\" height=\"15\" \/><br \/>\n35. <em>Spieldimensionen in der Kunst der Moderne<\/em><br \/>\nSymposium &#8222;Spielformen des Selbst. Subjektivit\u00e4t und Spiel zwischen Ethik und \u00c4sthetik&#8220; des Internationalen Graduiertenkollegs \u201eInterArt\u201c in Kooperation mit der Copenhagen Doctoral School in Cultural Theory, Literature, and the Arts, ICI Kulturlabor Berlin, 13.-15.11.2008, 15.11.2008.<br \/>\n<img loading=\"lazy\" decoding=\"async\" src=\"http:\/\/www.michaelluethy.de\/img\/pixel.gif\" alt=\"\" width=\"10\" height=\"15\" \/><br \/>\n34. <em>Illegitime Nachkommenschaft? Manet, Vel\u00e1zquez und das Traditionsproblem in der modernen Kunst<\/em><br \/>\nInstitut f\u00fcr Kunstgeschichte der Universit\u00e4t Leipzig, 19.6.2008.<br \/>\n<img loading=\"lazy\" decoding=\"async\" src=\"http:\/\/www.michaelluethy.de\/img\/pixel.gif\" alt=\"\" width=\"10\" height=\"15\" \/><br \/>\n33. <em>\u00c4sthetische Erfahrung und Kunsterfahrung<\/em><br \/>\nTagung &#8222;Erfahrung und Kritik&#8220; (Kooperationstreffen SFB 626\/NFS Eikones\/Bildkritik), 11.-12.4.2008, 12.4.2008.<br \/>\n<img loading=\"lazy\" decoding=\"async\" src=\"http:\/\/www.michaelluethy.de\/img\/pixel.gif\" alt=\"\" width=\"10\" height=\"15\" \/><br \/>\n32. <em>History and Memory in Andy Warhol\u2019s &#8218;Jackie&#8216; Series<\/em><br \/>\nKonferenz &#8222;Memory and Presence in Art, 1945 \u2013 present&#8220;, Radboud University Nijmegen, Institute for Historical, Literary and Cultural Studies, 18.3.2008.<br \/>\n<img loading=\"lazy\" decoding=\"async\" src=\"http:\/\/www.michaelluethy.de\/img\/pixel.gif\" alt=\"\" width=\"10\" height=\"15\" \/><br \/>\n31. <em>Blicke ins und aus dem Bild<\/em><br \/>\nUniversit\u00e4t W\u00fcrzburg, Institut f\u00fcr Philosophie, im Rahmen der Vortragsreihe &#8222;Bild und Blick&#8220;, 24.1.2008.<br \/>\n<img loading=\"lazy\" decoding=\"async\" src=\"http:\/\/www.michaelluethy.de\/img\/pixel.gif\" alt=\"\" width=\"10\" height=\"15\" \/><br \/>\n30. <em>Manets Reise zu Vel\u00e1zquez und das Problem der kunstgeschichtlichen Genealogie<\/em><br \/>\nKunsthistorisches Institut der Freien Universit\u00e4t Berlin, im Rahmen der Vortragsreihe zu spanischer und iberoamerikanischer Kunstgeschichte, 11.1.2008.<br \/>\n<img loading=\"lazy\" decoding=\"async\" src=\"http:\/\/www.michaelluethy.de\/img\/pixel.gif\" alt=\"\" width=\"10\" height=\"15\" \/><br \/>\n29. <em>Form und &#8218;informe&#8216;. Stationen eines Streits in der Kunst der Moderne<\/em><br \/>\nJahrestagung des Sonderforschungsbereichs 626 &#8222;\u00c4sthetische Erfahrung im Zeichen der Entgrenzung der K\u00fcnste&#8220;: Form\/en, Freie Universit\u00e4t Berlin, 1.-3.11.2007, 3.11.2007.<br \/>\n<img loading=\"lazy\" decoding=\"async\" src=\"http:\/\/www.michaelluethy.de\/img\/pixel.gif\" alt=\"\" width=\"10\" height=\"15\" \/><br \/>\n28. <em>Das Konsumgut in der Kunstwelt: Claes Oldenburg. Mit einleitenden Bemerkungen, warum es in der Bildenden Kunst keine Entsprechung zur U-Musik gibt<\/em><br \/>\n&#8222;Transitions\/Passagen&#8220;: 18th Congress of the International Musicological Society,<br \/>\nUniversit\u00e4t Z\u00fcrich, 10.-15.7. 2007, Sektion &#8222;Zwischen &#8218;U&#8216; und &#8218;E&#8216;. Grenz\u00fcberschreitungen in der Musik seit 1950&#8220;, 11.7.2007.<br \/>\n<img loading=\"lazy\" decoding=\"async\" src=\"http:\/\/www.michaelluethy.de\/img\/pixel.gif\" alt=\"\" width=\"10\" height=\"15\" \/><br \/>\n27. <em>Was ist &#8218;\u00c4sthetische Erfahrung&#8216;?<\/em><br \/>\nInstitut f\u00fcr vergleichende Ethik der FU Berlin, im Rahmen der von Prof. Dr. Michael Bongardt organisierten Ringvorlesung:<br \/>\n&#8222;Vom Meinen, Glauben und Wissen. Wie Menschen die Welt zu verstehen suchen&#8220;, 29.5.2007.<br \/>\n<img loading=\"lazy\" decoding=\"async\" src=\"http:\/\/www.michaelluethy.de\/img\/pixel.gif\" alt=\"\" width=\"10\" height=\"15\" \/><br \/>\n26. <em>&#8218;Seeing&#8216; versus &#8218;Perceiving&#8216;: The Execution of Maximilian and The Railroad by Edouard Manet<\/em><br \/>\nUniversity of Reading, Department of History of Art and Architecture, 16.5.2007.<br \/>\n<img loading=\"lazy\" decoding=\"async\" src=\"http:\/\/www.michaelluethy.de\/img\/pixel.gif\" alt=\"\" width=\"10\" height=\"15\" \/><br \/>\n25. <em>Reise zum Meister. Manets Spanienbesuch 1865 und seine Stellung in der<br \/>\nEntwicklung des Oeuvres<\/em><br \/>\n&#8222;Umwege. \u00c4sthetik und Poetik exzentrischer Reisen&#8220; &#8211; Symposium zum 65. Geburtstag von Gert Mattenklott, Akademie der K\u00fcnste Berlin, 9.\/10.2.2007, 9.2.2007.<br \/>\n<img loading=\"lazy\" decoding=\"async\" src=\"http:\/\/www.michaelluethy.de\/img\/pixel.gif\" alt=\"\" width=\"10\" height=\"15\" \/><br \/>\n24. <em>Reinigung wovon? \u00dcber Performance-Konzeptionen der sp\u00e4ten 1960er Jahre<\/em><br \/>\nTagung &#8222;Grenzen der Katharsis in den modernen K\u00fcnsten&#8220;, Freie Universit\u00e4t Berlin\/Seminar f\u00fcr Klassische Philologie, 24.-26.11.2006, 25.11.2006.<br \/>\n<img loading=\"lazy\" decoding=\"async\" src=\"http:\/\/www.michaelluethy.de\/img\/pixel.gif\" alt=\"\" width=\"10\" height=\"15\" \/><br \/>\n23. <em>Warhols Disaster-Diptychen. Das Dementi als Bildform<\/em><br \/>\nTagung &#8222;Der dementierte Gegenstand. Artefaktskepsis der russischen Avantgarde zwischen Abstraktion und Dinglichkeit&#8220;, Freie Universit\u00e4t Berlin\/Allgemeine und vergleichende Literaturwissenschaft\/Slavistik, 17.-18.11.2006, 18.11.2006.<br \/>\n<img loading=\"lazy\" decoding=\"async\" src=\"http:\/\/www.michaelluethy.de\/img\/pixel.gif\" alt=\"\" width=\"10\" height=\"15\" \/><br \/>\n22. <em>Flecken \u2013 Subjekt und Medium bei C\u00e9zanne<\/em><br \/>\nKolloquium &#8222;Paul C\u00e9zanne. Zwischen Tradition und Moderne&#8220;, Westf\u00e4lisches Landesmuseum M\u00fcnster, in Kooperation mit dem Institut f\u00fcr Kunstgeschichte der Westf\u00e4lischen Wilhelms Universit\u00e4t M\u00fcnster und der Kunstakademie M\u00fcnster, 9.11.2006.<br \/>\n<img loading=\"lazy\" decoding=\"async\" src=\"http:\/\/www.michaelluethy.de\/img\/pixel.gif\" alt=\"\" width=\"10\" height=\"15\" \/><br \/>\n21. <em>Argumente f\u00fcr &#8218;Produktions\u00e4sthetik&#8216; aus der Perspektive der j\u00fcngeren Kunstentwicklung<\/em><br \/>\nTagung &#8222;Schlagwort Produktions\u00e4sthetik&#8220;, Freie Universit\u00e4t Berlin, Kunsthistorisches Institut, in Kooperation mit der Akademie f\u00fcr bildende K\u00fcnste Wien, 30.9.2006.<br \/>\n<img loading=\"lazy\" decoding=\"async\" src=\"http:\/\/www.michaelluethy.de\/img\/pixel.gif\" alt=\"\" width=\"10\" height=\"15\" \/><br \/>\n20. <em>Die eigentliche T\u00e4tigkeit \u2013 Aktion und Erfahrung bei Bruce Nauman<\/em><br \/>\nTagung &#8222;Auf der Schwelle \u2013 Kunst, Risiken &amp; Nebenwirkungen&#8220;, 15.-17.9.2005, Virchow-Saal in den Sophiens\u00e4len, 16.9.2005.<br \/>\n<img loading=\"lazy\" decoding=\"async\" src=\"http:\/\/www.michaelluethy.de\/img\/pixel.gif\" alt=\"\" width=\"10\" height=\"15\" \/><br \/>\n19. <em>Die modernistische Praxis nachvollziehen: Richard Shiff<\/em><br \/>\nJahrestagung des Sonderforschungsbereichs 626 &#8222;\u00c4sthetische Erfahrung im Zeichen der Entgrenzung der K\u00fcnste&#8220;: &#8222;Zwischen Ding und Zeichen&#8220;, 29.-31.10.2004, Hamburger Bahnhof, Museum f\u00fcr Gegenwart \u2013 Berlin, 30.10.2004.<br \/>\n<img loading=\"lazy\" decoding=\"async\" src=\"http:\/\/www.michaelluethy.de\/img\/pixel.gif\" alt=\"\" width=\"10\" height=\"15\" \/><br \/>\n18. <em>Vom Raum in der Fl\u00e4che des Modernismus<\/em><br \/>\nTagung &#8222;Faktur und fRaktur. Gest\u00f6rte \u00e4sthetische Pr\u00e4senz in Avantgarde und Sp\u00e4tavantgarde&#8220;, 22.-24.10.2004, Podewil Berlin, Er\u00f6ffnungsvortrag, 22.10.2004.<br \/>\n<img loading=\"lazy\" decoding=\"async\" src=\"http:\/\/www.michaelluethy.de\/img\/pixel.gif\" alt=\"\" width=\"10\" height=\"15\" \/><br \/>\n17. <em>Wie ein Schlag ins Genick oder: Wie offen ist das offene Kunstwerk?<\/em><br \/>\nKolloquium &#8222;Werke im Wandel? \u2013 Dialoge mit der Gegenwartskunst&#8220;, Technische Universit\u00e4t Berlin, 2.7.2004.<br \/>\n<img loading=\"lazy\" decoding=\"async\" src=\"http:\/\/www.michaelluethy.de\/img\/pixel.gif\" alt=\"\" width=\"10\" height=\"15\" \/><br \/>\n16. <em>Arthur Dantos These vom Ende der Kunst<\/em><br \/>\nKonferenz &#8222;Kunst, Fortschritt, Geschichte&#8220;, organisiert vom Institut f\u00fcr Philosophie der Universit\u00e4t Potsdam und vom Seminar f\u00fcr Filmwissenschaft der Freien Universit\u00e4t Berlin, 12.\/13.12.2003, Roter Salon der Volksb\u00fchne am Rosa-Luxemburg-Platz Berlin, 12.12.2003.<br \/>\n<img loading=\"lazy\" decoding=\"async\" src=\"http:\/\/www.michaelluethy.de\/img\/pixel.gif\" alt=\"\" width=\"10\" height=\"15\" \/><br \/>\n15. <em>Ornament und Verk\u00f6rperung in Degas\u2019 Sp\u00e4twerk<\/em><br \/>\nKonferenz &#8222;Struktur, Figur, Kontur&#8220; der Forschergruppe &#8222;Das Leben schreiben. Medientechnologie und die Wissenschaften vom Leben (1800-1900)&#8220; der Fakult\u00e4t Medien der Bauhaus-Universit\u00e4t Weimar, 27.-29. November 2003, 29.11.2003.<br \/>\n<img loading=\"lazy\" decoding=\"async\" src=\"http:\/\/www.michaelluethy.de\/img\/pixel.gif\" alt=\"\" width=\"10\" height=\"15\" \/><br \/>\n14. <em>\u00c4sthetischer und historischer Sinn in Manets \u201aErschie\u00dfung Kaiser Maximilians\u2018<\/em><br \/>\nJahrestagung des Sonderforschungsbereichs 626 &#8222;\u00c4sthetische Erfahrung im Zeichen der Entgrenzung der K\u00fcnste&#8220;: &#8222;Erfahrungsformen im Vergleich&#8220;, 14.-16.11.2003, Hamburger Bahnhof, Museum f\u00fcr Gegenwart \u2013 Berlin, 15.11.2003.<br \/>\n<img loading=\"lazy\" decoding=\"async\" src=\"http:\/\/www.michaelluethy.de\/img\/pixel.gif\" alt=\"\" width=\"10\" height=\"15\" \/><br \/>\n13. <em>Sehen\/Ber\u00fchren, Bewegen\/Zeichnen, K\u00f6rper\/Bild. Edgar Degas\u2019 sp\u00e4te Pastelle<\/em><br \/>\n&#8222;Die Gegenwart des Bildes&#8220; &#8211; Wissenschaftliches Kolloqiuum zum 60. Geburtstag von Gottfried Boehm , 25.\/26.10.2002, Fondation Beyeler, Riehen\/Basel, 26.10.2002.<br \/>\n<img loading=\"lazy\" decoding=\"async\" src=\"http:\/\/www.michaelluethy.de\/img\/pixel.gif\" alt=\"\" width=\"10\" height=\"15\" \/><br \/>\n12. <em>Grenzen des Sehens in der Kunst der Moderne<\/em><br \/>\nStaatliche Galerie Moritzburg Halle, in Zusammenarbeit mit der Martin-Luther-Universit\u00e4t Halle-Wittenberg und der Burg Giebichenstein\/Hochschule f\u00fcr Kunst und Design Halle, 11.7.2002.<br \/>\n<img loading=\"lazy\" decoding=\"async\" src=\"http:\/\/www.michaelluethy.de\/img\/pixel.gif\" alt=\"\" width=\"10\" height=\"15\" \/><br \/>\n11. <em>Aufblitzende \u00c4hnlichkeit. Roy Lichtensteins Paraphrasen europ\u00e4ischer Kunst<\/em><br \/>\nKunsthistorisches Institut der Freien Universit\u00e4t Berlin, im Rahmen der Ringvorlesung &#8222;Dialog und Austausch in der Bildenden Kunst&#8220;, 3.6.2002.<br \/>\n<img loading=\"lazy\" decoding=\"async\" src=\"http:\/\/www.michaelluethy.de\/img\/pixel.gif\" alt=\"\" width=\"10\" height=\"15\" \/><br \/>\n10. <em>Warhols \u201aDisaster-Paintings\u2018<\/em><br \/>\nUrania Berlin, anl\u00e4\u00dflich der Andy-Warhol-Retrospektive in der Nationalgalerie Berlin,<br \/>\n20.11.2001.<br \/>\n<img loading=\"lazy\" decoding=\"async\" src=\"http:\/\/www.michaelluethy.de\/img\/pixel.gif\" alt=\"\" width=\"10\" height=\"15\" \/><br \/>\n9. <em>Figur\/Struktur. \u00dcber Manets Bildkonzept<\/em><br \/>\nUniversit\u00e4t Konstanz, 10.7.2001.<br \/>\n<img loading=\"lazy\" decoding=\"async\" src=\"http:\/\/www.michaelluethy.de\/img\/pixel.gif\" alt=\"\" width=\"10\" height=\"15\" \/><br \/>\n8. <em>Subjekt und Medium. Zur doppelten Selbstreflexion der Kunst in der Moderne<\/em><br \/>\nKunsthistorisches Institut der Freien Universit\u00e4t Berlin, im Rahmen der Universit\u00e4tsvorlesung &#8222;\u00c4sthetische Erfahrung. Das Kunstwerk zwischen Information und Eigensinn&#8220;, 25.6.2001.<br \/>\n<img loading=\"lazy\" decoding=\"async\" src=\"http:\/\/www.michaelluethy.de\/img\/pixel.gif\" alt=\"\" width=\"10\" height=\"15\" \/><br \/>\n7. <em>Das Bilderverbot<\/em><br \/>\nMuseum Moderner Kunst Wien\/Stif\u00adtung Ludwig, Palais Liechtenstein, anl\u00e4sslich der Ausstellung &#8222;Erwin Bohatsch&#8220;, 9.9.1999.<br \/>\n<img loading=\"lazy\" decoding=\"async\" src=\"http:\/\/www.michaelluethy.de\/img\/pixel.gif\" alt=\"\" width=\"10\" height=\"15\" \/><br \/>\n6. <em>Erwin Bohatsch und das serielle Bild<\/em><br \/>\nKunsthaus Bregenz, anl\u00e4\u00dflich der Ausstellung &#8222;Erwin Bohatsch&#8220;, 27.11.1998.<br \/>\n<img loading=\"lazy\" decoding=\"async\" src=\"http:\/\/www.michaelluethy.de\/img\/pixel.gif\" alt=\"\" width=\"10\" height=\"15\" \/><br \/>\n5. <em>Roy Lichtensteins Vexierbilder<\/em><br \/>\nFondation Beyeler, Riehen\/Basel, anl\u00e4\u00dflich der Ausstellung &#8222;Roy Lichtenstein&#8220;, 14.9.1998.<br \/>\n<img loading=\"lazy\" decoding=\"async\" src=\"http:\/\/www.michaelluethy.de\/img\/pixel.gif\" alt=\"\" width=\"10\" height=\"15\" \/><br \/>\n4. <em>&#8218;Das Wesentliche ist das Weglassen.&#8216; Warhol und das notwendige Verfehlen des Realen<\/em><br \/>\nKunstmuseum Basel, anl\u00e4\u00dflich der Ausstellung: &#8222;Andy Warhol, Zeichnungen 1946-1987&#8220;, 11.5.1998.<br \/>\n<img loading=\"lazy\" decoding=\"async\" src=\"http:\/\/www.michaelluethy.de\/img\/pixel.gif\" alt=\"\" width=\"10\" height=\"15\" \/><br \/>\n3. <em>Kurt Kocherscheidt \u2013 Jean-Paul Sartre \u2013 Wolfgang Rihm<\/em><br \/>\nSymposium &#8222;Hoher Ton, tiefe T\u00f6ne\u201c. Kurt Kocherscheidt und Wolfgang Rihm. Wechsel\u00adwirkungen im bildneri\u00adschen und musikalischen Denken&#8220;, 22.\/23.11.1997, Morat-Institut f\u00fcr Kunst und Kunst\u00adwissenschaft, Freiburg i. Br., 23.11.1997.<br \/>\n<img loading=\"lazy\" decoding=\"async\" src=\"http:\/\/www.michaelluethy.de\/img\/pixel.gif\" alt=\"\" width=\"10\" height=\"15\" \/><br \/>\n2. <em>Die Wandlung des Skulpturbegriffs im 20. Jahrhundert. Drei Vortr\u00e4ge<\/em><br \/>\nSchule f\u00fcr Gestaltung, Basel, 25.2.\/4.3.\/11.3.1997.<br \/>\n<img loading=\"lazy\" decoding=\"async\" src=\"http:\/\/www.michaelluethy.de\/img\/pixel.gif\" alt=\"\" width=\"10\" height=\"15\" \/><br \/>\n1. <em>Latente Bilder. Warhols fr\u00fche filmische und malerische Produktion<\/em><br \/>\nZentralinstitut f\u00fcr Kunst\u00adgeschichte, M\u00fcnchen, im Rahmen der Vortragsreihe &#8222;Kunst und Medien. Die Industrialisierung der Phantasie und die Kunst&#8220;, 28.6.1995.<br \/>\n<img loading=\"lazy\" decoding=\"async\" src=\"http:\/\/www.michaelluethy.de\/img\/pixel.gif\" alt=\"\" width=\"10\" height=\"15\" \/><\/p>\n","protected":false},"excerpt":{"rendered":"<p>Vortr\u00e4ge kommend: 100. Kunstwissenschaft an einer Kunstakademie, oder: Reflexion auf die Frage: Was hei\u00dft &#8222;Kunst machen&#8220;?, Akademie der Bildenden K\u00fcnste Stuttgart, 12.1.2026. gehalten: 99. Die Institution der autonomen Kunst und die Institution der documenta: ein Beziehungsgeflecht, documenta archiv, Kassel, 25.9.2025. 98. Sehen\/Denken\/Wissen\/Verstehen: Prozesse der Selbst- und Weltbildung im Umgang mit Kunst, Ringvorlesung &#8222;Kunstp\u00e4dagogische Positionen&#8220;, Universit\u00e4t &hellip; <\/p>\n<p class=\"link-more\"><a href=\"https:\/\/michaelluethy.de\/scripts\/vortraege\/\" class=\"more-link\"><span class=\"screen-reader-text\">\u201e\u201c <\/span>weiterlesen<\/a><\/p>\n","protected":false},"author":1,"featured_media":0,"parent":0,"menu_order":0,"comment_status":"closed","ping_status":"open","template":"","meta":{"footnotes":""},"class_list":["post-891","page","type-page","status-publish","hentry"],"_links":{"self":[{"href":"https:\/\/michaelluethy.de\/scripts\/wp-json\/wp\/v2\/pages\/891","targetHints":{"allow":["GET"]}}],"collection":[{"href":"https:\/\/michaelluethy.de\/scripts\/wp-json\/wp\/v2\/pages"}],"about":[{"href":"https:\/\/michaelluethy.de\/scripts\/wp-json\/wp\/v2\/types\/page"}],"author":[{"embeddable":true,"href":"https:\/\/michaelluethy.de\/scripts\/wp-json\/wp\/v2\/users\/1"}],"replies":[{"embeddable":true,"href":"https:\/\/michaelluethy.de\/scripts\/wp-json\/wp\/v2\/comments?post=891"}],"version-history":[{"count":40,"href":"https:\/\/michaelluethy.de\/scripts\/wp-json\/wp\/v2\/pages\/891\/revisions"}],"predecessor-version":[{"id":1408,"href":"https:\/\/michaelluethy.de\/scripts\/wp-json\/wp\/v2\/pages\/891\/revisions\/1408"}],"wp:attachment":[{"href":"https:\/\/michaelluethy.de\/scripts\/wp-json\/wp\/v2\/media?parent=891"}],"curies":[{"name":"wp","href":"https:\/\/api.w.org\/{rel}","templated":true}]}}